{"id":391678,"date":"2026-01-27T17:00:15","date_gmt":"2026-01-27T20:00:15","guid":{"rendered":"https:\/\/galeriaazur.art\/?post_type=product&#038;p=391678"},"modified":"2026-02-02T13:27:39","modified_gmt":"2026-02-02T16:27:39","slug":"memoria-de-lo-conveniente","status":"publish","type":"product","link":"https:\/\/galeriaazur.art\/esp\/artwork\/memoria-de-lo-conveniente\/","title":{"rendered":"MEMORIA DE LO CONVENIENTE"},"content":{"rendered":"<p>Me dijeron una vez: \u201cLa amnesia es espont\u00e1nea y selectiva\u201d.<\/p>\n<p>D\u00e9jenme decirles que en alg\u00fan punto, es cierto. Cuando las cosas no salen como algunos imaginaban, aparecen esas memorias oportunamente borrosas. De pronto nadie sab\u00eda, nadie recuerda, nadie tiene responsabilidad. Pero s\u00ed tienen algo muy claro: a qui\u00e9n se\u00f1alar.<\/p>\n<p>Este cuadro nace de esa fricci\u00f3n.<br \/>\nUna invitaci\u00f3n \u2014o una provocaci\u00f3n\u2014 a pensar c\u00f3mo esquivamos las consecuencias de nuestros actos, y c\u00f3mo ese \u201crecordar a medida\u201d no solo borra responsabilidades: tambi\u00e9n distorsiona la historia que despu\u00e9s se pretende contar.<\/p>","protected":false},"excerpt":{"rendered":"<a href=\"https:\/\/galeriaazur.art\/esp\/artist\/milagros-jaunsolo-baraibar\/\">Milagros Jaunsolo Baraibar<\/a>","protected":false},"author":3069,"featured_media":391687,"template":"","meta":{"_et_pb_use_builder":"o","_et_pb_old_content":"","_et_gb_content_width":""},"product_cat":[466,24,372],"product_tag":[],"acf":[],"_links":{"self":[{"href":"https:\/\/galeriaazur.art\/esp\/wp-json\/wp\/v2\/product\/391678"}],"collection":[{"href":"https:\/\/galeriaazur.art\/esp\/wp-json\/wp\/v2\/product"}],"about":[{"href":"https:\/\/galeriaazur.art\/esp\/wp-json\/wp\/v2\/types\/product"}],"author":[{"embeddable":true,"href":"https:\/\/galeriaazur.art\/esp\/wp-json\/wp\/v2\/users\/3069"}],"wp:featuredmedia":[{"embeddable":true,"href":"https:\/\/galeriaazur.art\/esp\/wp-json\/wp\/v2\/media\/391687"}],"wp:attachment":[{"href":"https:\/\/galeriaazur.art\/esp\/wp-json\/wp\/v2\/media?parent=391678"}],"wp:term":[{"taxonomy":"product_cat","embeddable":true,"href":"https:\/\/galeriaazur.art\/esp\/wp-json\/wp\/v2\/product_cat?post=391678"},{"taxonomy":"product_tag","embeddable":true,"href":"https:\/\/galeriaazur.art\/esp\/wp-json\/wp\/v2\/product_tag?post=391678"}],"curies":[{"name":"wp","href":"https:\/\/api.w.org\/{rel}","templated":true}]}}